{"version":"1.0","provider_name":"leprojecteurguinee","provider_url":"https:\/\/www.leprojecteurguinee.com","author_name":"Leprojecteurguinee","author_url":"https:\/\/www.leprojecteurguinee.com\/index.php\/author\/madame\/","title":"Guin\u00e9e :\u00a0l\u2019arm\u00e9e f\u00eate ses 65 ans avec fiert\u00e9. - leprojecteurguinee","type":"rich","width":600,"height":338,"html":"<blockquote class=\"wp-embedded-content\" data-secret=\"QZv2eGTlA4\"><a href=\"https:\/\/www.leprojecteurguinee.com\/index.php\/2023\/11\/01\/guinee-larmee-fete-ses-65-ans-avec-fierte\/\">Guin\u00e9e :\u00a0l\u2019arm\u00e9e f\u00eate ses 65 ans avec fiert\u00e9.<\/a><\/blockquote><iframe sandbox=\"allow-scripts\" security=\"restricted\" src=\"https:\/\/www.leprojecteurguinee.com\/index.php\/2023\/11\/01\/guinee-larmee-fete-ses-65-ans-avec-fierte\/embed\/#?secret=QZv2eGTlA4\" width=\"600\" height=\"338\" title=\"\u00ab\u00a0Guin\u00e9e :\u00a0l\u2019arm\u00e9e f\u00eate ses 65 ans avec fiert\u00e9.\u00a0\u00bb &#8212; leprojecteurguinee\" data-secret=\"QZv2eGTlA4\" frameborder=\"0\" marginwidth=\"0\" marginheight=\"0\" scrolling=\"no\" class=\"wp-embedded-content\"><\/iframe><script type=\"text\/javascript\">\n\/* <![CDATA[ *\/\n\/*! This file is auto-generated *\/\n!function(d,l){\"use strict\";l.querySelector&&d.addEventListener&&\"undefined\"!=typeof URL&&(d.wp=d.wp||{},d.wp.receiveEmbedMessage||(d.wp.receiveEmbedMessage=function(e){var t=e.data;if((t||t.secret||t.message||t.value)&&!\/[^a-zA-Z0-9]\/.test(t.secret)){for(var s,r,n,a=l.querySelectorAll('iframe[data-secret=\"'+t.secret+'\"]'),o=l.querySelectorAll('blockquote[data-secret=\"'+t.secret+'\"]'),c=new RegExp(\"^https?:$\",\"i\"),i=0;i<o.length;i++)o[i].style.display=\"none\";for(i=0;i<a.length;i++)s=a[i],e.source===s.contentWindow&&(s.removeAttribute(\"style\"),\"height\"===t.message?(1e3<(r=parseInt(t.value,10))?r=1e3:~~r<200&&(r=200),s.height=r):\"link\"===t.message&&(r=new URL(s.getAttribute(\"src\")),n=new URL(t.value),c.test(n.protocol))&&n.host===r.host&&l.activeElement===s&&(d.top.location.href=t.value))}},d.addEventListener(\"message\",d.wp.receiveEmbedMessage,!1),l.addEventListener(\"DOMContentLoaded\",function(){for(var e,t,s=l.querySelectorAll(\"iframe.wp-embedded-content\"),r=0;r<s.length;r++)(t=(e=s[r]).getAttribute(\"data-secret\"))||(t=Math.random().toString(36).substring(2,12),e.src+=\"#?secret=\"+t,e.setAttribute(\"data-secret\",t)),e.contentWindow.postMessage({message:\"ready\",secret:t},\"*\")},!1)))}(window,document);\n\/\/# sourceURL=https:\/\/www.leprojecteurguinee.com\/wp-includes\/js\/wp-embed.min.js\n\/* ]]> *\/\n<\/script>\n","thumbnail_url":"https:\/\/www.leprojecteurguinee.com\/wp-content\/uploads\/2023\/11\/7b8151c9-9c52-4ad2-945c-3afa70d69c2e.jpg","thumbnail_width":960,"thumbnail_height":540,"description":"L\u2019arm\u00e9e guin\u00e9e a c\u00e9l\u00e9br\u00e9 ce mercredi 1er novembre 2023 la date anniversaire de l\u2019an 65 ans de sa cr\u00e9ation.\u00a0A\u00a0cette occasion, plusieurs activit\u00e9s ont \u00e9t\u00e9 organis\u00e9es dans les diff\u00e9rentes garnisons du pays.\u00a0A\u00a0Conakry, au camp\u00a0Samory\u00a0Tour\u00e9, des activit\u00e9s comm\u00e9mor\u00e9es ont \u00e9t\u00e9 organis\u00e9es pour l\u2019occasion.\u00a0Dans sa prise de parole, le Colonel\u00a0Moro\u00a0Diakit\u00e9, commandant du bataillon sp\u00e9cial de Conakry a exprim\u00e9 [&hellip;]"}